{"id":138,"date":"2020-10-27T11:37:30","date_gmt":"2020-10-27T10:37:30","guid":{"rendered":"http:\/\/adqcghyr.preview.infomaniak.website\/wordpress\/?page_id=138"},"modified":"2026-04-05T20:41:06","modified_gmt":"2026-04-05T18:41:06","slug":"nous-rejoindre","status":"publish","type":"page","link":"https:\/\/dynamique-cadres.org\/wordpress\/nous-rejoindre\/","title":{"rendered":"Nous rejoindre"},"content":{"rendered":"<p>Chaque mois, Dynamique Cadres vous propose de <strong>participer gratuitement \u00e0 une r\u00e9union de pr\u00e9sentation<\/strong>\u00a0\u00e0 Paris pour vous permettre de nous rencontrer et de mieux conna\u00eetre le fonctionnement et les valeurs de l\u2019association.<\/p>\n<h2>1 &#8211; R\u00e9union de pr\u00e9sentation<\/h2>\n<p><a href=\"mailto:contact@dynamique-cadres.org\"><img loading=\"lazy\" decoding=\"async\" class=\"alignright wp-image-196 \" src=\"http:\/\/adqcghyr.preview.infomaniak.website\/wordpress\/wp-content\/uploads\/2017\/05\/Iphone_calendar_screen-300x225.jpg\" alt=\"\" width=\"253\" height=\"189\" srcset=\"https:\/\/adqcghyr.preview.infomaniak.website\/wordpress\/wp-content\/uploads\/2017\/05\/Iphone_calendar_screen-300x225.jpg 300w, https:\/\/adqcghyr.preview.infomaniak.website\/wordpress\/wp-content\/uploads\/2017\/05\/Iphone_calendar_screen-768x576.jpg 768w, https:\/\/adqcghyr.preview.infomaniak.website\/wordpress\/wp-content\/uploads\/2017\/05\/Iphone_calendar_screen-1024x768.jpg 1024w, https:\/\/adqcghyr.preview.infomaniak.website\/wordpress\/wp-content\/uploads\/2017\/05\/Iphone_calendar_screen-285x214.jpg 285w\" sizes=\"auto, (max-width: 253px) 100vw, 253px\" \/><\/a><span style=\"color: #c90000;\"><strong>Les r\u00e9unions de pr\u00e9sentation se d\u00e9roulent en visioconf\u00e9rence pour permettre \u00e0 toutes\/tous d&rsquo;y participer !<\/strong><\/span><\/p>\n<p>Si vous souhaitez nous rencontrer, remplissez le formulaire en ligne : <a class=\"btn btn-primary\" style=\"color: white;\" href=\"https:\/\/forms.office.com\/Pages\/ResponsePage.aspx?id=5_natLrThkqg0vcov_70-9tZ-QERw5tGqKNE5QzyVBZUMEg0V1FNWE5MVkIzWDIwM0FWQktZMVlYMCQlQCN0PWcu\" target=\"_blank\" rel=\"noopener\">Inscrivez vous<br \/>\n<\/a><\/p>\n<p><span style=\"color: #c90000;\"><strong>Nos prochaines r\u00e9unions :<\/strong><\/span><\/p>\n<ul>\n<li>Jeudi 30 avril 2026, 9h30 &#8211; 12h<\/li>\n<li>Jeudi 28 mai 2026, 9h30 &#8211; 12h<\/li>\n<li>Jeudi 25 juin 2026, 9h30 &#8211; 12h<\/li>\n<li>Jeudi 10 septembre, 9h30 &#8211; 12h<\/li>\n<li>Jeudi 8 octobre, 9h30 &#8211; 12h<\/li>\n<\/ul>\n<h2>2 &#8211; Testez avant d\u2019adh\u00e9rer<\/h2>\n<p>\u00c0 l\u2019issue de la r\u00e9union d\u2019information, si vous choisissez de nous rejoindre, vous \u00eates int\u00e9gr\u00e9 \u00e0 un <a href=\"\/wordpress\/nos-activites\/#gad\">Groupe d\u2019Accueil et de Dynamisation (GAD)<\/a> au sein duquel sont fix\u00e9s ensemble les objectifs et moyens n\u00e9cessaires \u00e0 mettre en \u0153uvre pour votre recherche.<\/p>\n<p>Vous pouvez choisir de participer en <span style=\"color: #c90000;\"><strong>pr\u00e9sentiel <\/strong><\/span>ou en <span style=\"color: #c90000;\"><strong>visioconf\u00e9rence<\/strong><\/span>.<\/p>\n<p>Vous b\u00e9n\u00e9ficiez alors d\u2019une p\u00e9riode d\u2019essai r\u00e9ciproque de 2 semaines environ.<\/p>\n<p>Outre votre participation aux r\u00e9unions hebdomadaires de votre GAD, vous pourrez \u00e9galement tester les <a href=\"https:\/\/dynamique-cadres.org\/wordpress\/nos-activites\/#lang\">cercles de conversation en langues \u00e9trang\u00e8res<\/a> en <span style=\"color: #c90000;\"><strong>pr\u00e9sentiel <\/strong><\/span>ou en <span style=\"color: #c90000;\"><strong>visioconf\u00e9rence<\/strong><\/span><strong>.<\/strong><\/p>\n<h2>3 &#8211; Adh\u00e9rez<\/h2>\n<p>A l&rsquo;issue de votre p\u00e9riode d\u2019essai, si vous souhaitez adh\u00e9rer pour vous engager avec Dynamique Cadres et b\u00e9n\u00e9ficier de l\u2019ensemble des services propos\u00e9s, il vous suffit de remplir un formulaire de demande d\u2019adh\u00e9sion accompagn\u00e9 du r\u00e8glement de votre cotisation.<\/p>\n<p>Montants des cotisations annuelles :<\/p>\n<ul class=\"box_date\">\n<li>\n<div class=\"text-center\">Vous avez un emploi<br \/>\nou<br \/>\n\u00eates indemnis\u00e9 ARE<\/div>\n<div class=\"text-center\" style=\"margin-top: 1em;\">130 \u20ac<\/div>\n<\/li>\n<li>\n<div class=\"text-center\">Vous \u00eates sans revenu<br \/>\nou<br \/>\nrecevez le RSA ou les ASS<\/div>\n<div class=\"text-center\" style=\"margin-top: 1em;\">40 \u20ac<\/div>\n<\/li>\n<li>\n<div class=\"text-center\">Vous souhaitez \u00eatre<br \/>\nun<br \/>\nmembre bienfaiteur<\/div>\n<div class=\"text-center\" style=\"margin-top: 1em;\">150 \u20ac et plus<\/div>\n<\/li>\n<\/ul>\n<p>Le montant de votre cotisation est d\u00e9ductible de vos imp\u00f4ts \u00e0 hauteur de 66 % du montant vers\u00e9.<\/p>\n<p><strong>N\u2019oubliez pas<\/strong>\u00a0: plus que votre cotisation, c\u2019est votre participation et votre implication au sein de Dynamique Cadres qui sont essentielles.<\/p>\n<p>&nbsp;<\/p>\n","protected":false},"excerpt":{"rendered":"<p>Chaque mois, Dynamique Cadres vous propose de participer gratuitement \u00e0 une r\u00e9union de pr\u00e9sentation\u00a0\u00e0 Paris pour vous permettre de nous rencontrer et de mieux conna\u00eetre le fonctionnement et les valeurs de l\u2019association. 1 &#8211; R\u00e9union de pr\u00e9sentation Les r\u00e9unions de pr\u00e9sentation se d\u00e9roulent en visioconf\u00e9rence pour permettre \u00e0 toutes\/tous d&rsquo;y participer ! Si vous souhaitez <a href=\"https:\/\/dynamique-cadres.org\/wordpress\/nous-rejoindre\/\" rel=\"nofollow\"><span class=\"sr-only\">En savoir plus surNous rejoindre<\/span>[&hellip;]<\/a><\/p>\n","protected":false},"author":1,"featured_media":0,"parent":0,"menu_order":0,"comment_status":"closed","ping_status":"closed","template":"template-fullwidth.php","meta":{"_monsterinsights_skip_tracking":false,"_monsterinsights_sitenote_active":false,"_monsterinsights_sitenote_note":"","_monsterinsights_sitenote_category":0,"footnotes":""},"class_list":["post-138","page","type-page","status-publish","hentry"],"yoast_head":"<!-- This site is optimized with the Yoast SEO plugin v27.5 - https:\/\/yoast.com\/product\/yoast-seo-wordpress\/ -->\n<title>Nous rejoindre - Dynamique Cadres<\/title>\n<meta name=\"description\" content=\"L&#039;association faite par pour les cadres en transition professionnelle en les rendant proactifs au sein d&#039;une organisation stimulante bas\u00e9e sur le partage des apports de chacun.\" \/>\n<meta name=\"robots\" content=\"index, follow, max-snippet:-1, max-image-preview:large, max-video-preview:-1\" \/>\n<link rel=\"canonical\" href=\"https:\/\/dynamique-cadres.org\/wordpress\/nous-rejoindre\/\" \/>\n<meta property=\"og:locale\" content=\"fr_FR\" \/>\n<meta property=\"og:type\" content=\"article\" \/>\n<meta property=\"og:title\" content=\"Nous rejoindre - Dynamique Cadres\" \/>\n<meta property=\"og:description\" content=\"L&#039;association faite par pour les cadres en transition professionnelle en les rendant proactifs au sein d&#039;une organisation stimulante bas\u00e9e sur le partage des apports de chacun.\" \/>\n<meta property=\"og:url\" content=\"https:\/\/dynamique-cadres.org\/wordpress\/nous-rejoindre\/\" \/>\n<meta property=\"og:site_name\" content=\"Dynamique Cadres\" \/>\n<meta property=\"article:publisher\" content=\"https:\/\/www.facebook.com\/profile.php?id=100011741796467\" \/>\n<meta property=\"article:modified_time\" content=\"2026-04-05T18:41:06+00:00\" \/>\n<meta property=\"og:image\" content=\"https:\/\/adqcghyr.preview.infomaniak.website\/wordpress\/wp-content\/uploads\/2017\/05\/Iphone_calendar_screen.jpg\" \/>\n\t<meta property=\"og:image:width\" content=\"2816\" \/>\n\t<meta property=\"og:image:height\" content=\"2112\" \/>\n\t<meta property=\"og:image:type\" content=\"image\/jpeg\" \/>\n<meta name=\"twitter:card\" content=\"summary_large_image\" \/>\n<meta name=\"twitter:site\" content=\"@Dynamiquecadres\" \/>\n<meta name=\"twitter:label1\" content=\"Dur\u00e9e de lecture estim\u00e9e\" \/>\n\t<meta name=\"twitter:data1\" content=\"2 minutes\" \/>\n<script type=\"application\/ld+json\" class=\"yoast-schema-graph\">{\"@context\":\"https:\\\/\\\/schema.org\",\"@graph\":[{\"@type\":\"WebPage\",\"@id\":\"https:\\\/\\\/dynamique-cadres.org\\\/wordpress\\\/nous-rejoindre\\\/\",\"url\":\"https:\\\/\\\/dynamique-cadres.org\\\/wordpress\\\/nous-rejoindre\\\/\",\"name\":\"Nous rejoindre - Dynamique Cadres\",\"isPartOf\":{\"@id\":\"https:\\\/\\\/dynamique-cadres.org\\\/wordpress\\\/#website\"},\"primaryImageOfPage\":{\"@id\":\"https:\\\/\\\/dynamique-cadres.org\\\/wordpress\\\/nous-rejoindre\\\/#primaryimage\"},\"image\":{\"@id\":\"https:\\\/\\\/dynamique-cadres.org\\\/wordpress\\\/nous-rejoindre\\\/#primaryimage\"},\"thumbnailUrl\":\"http:\\\/\\\/adqcghyr.preview.infomaniak.website\\\/wordpress\\\/wp-content\\\/uploads\\\/2017\\\/05\\\/Iphone_calendar_screen-300x225.jpg\",\"datePublished\":\"2020-10-27T10:37:30+00:00\",\"dateModified\":\"2026-04-05T18:41:06+00:00\",\"description\":\"L'association faite par pour les cadres en transition professionnelle en les rendant proactifs au sein d'une organisation stimulante bas\u00e9e sur le partage des apports de chacun.\",\"breadcrumb\":{\"@id\":\"https:\\\/\\\/dynamique-cadres.org\\\/wordpress\\\/nous-rejoindre\\\/#breadcrumb\"},\"inLanguage\":\"fr-FR\",\"potentialAction\":[{\"@type\":\"ReadAction\",\"target\":[\"https:\\\/\\\/dynamique-cadres.org\\\/wordpress\\\/nous-rejoindre\\\/\"]}]},{\"@type\":\"ImageObject\",\"inLanguage\":\"fr-FR\",\"@id\":\"https:\\\/\\\/dynamique-cadres.org\\\/wordpress\\\/nous-rejoindre\\\/#primaryimage\",\"url\":\"http:\\\/\\\/adqcghyr.preview.infomaniak.website\\\/wordpress\\\/wp-content\\\/uploads\\\/2017\\\/05\\\/Iphone_calendar_screen-300x225.jpg\",\"contentUrl\":\"http:\\\/\\\/adqcghyr.preview.infomaniak.website\\\/wordpress\\\/wp-content\\\/uploads\\\/2017\\\/05\\\/Iphone_calendar_screen-300x225.jpg\"},{\"@type\":\"BreadcrumbList\",\"@id\":\"https:\\\/\\\/dynamique-cadres.org\\\/wordpress\\\/nous-rejoindre\\\/#breadcrumb\",\"itemListElement\":[{\"@type\":\"ListItem\",\"position\":1,\"name\":\"Accueil\",\"item\":\"https:\\\/\\\/dynamique-cadres.org\\\/wordpress\\\/\"},{\"@type\":\"ListItem\",\"position\":2,\"name\":\"Nous rejoindre\"}]},{\"@type\":\"WebSite\",\"@id\":\"https:\\\/\\\/dynamique-cadres.org\\\/wordpress\\\/#website\",\"url\":\"https:\\\/\\\/dynamique-cadres.org\\\/wordpress\\\/\",\"name\":\"Dynamique Cadres\",\"description\":\"L&#039;association qui dynamise les cadres !\",\"publisher\":{\"@id\":\"https:\\\/\\\/dynamique-cadres.org\\\/wordpress\\\/#organization\"},\"potentialAction\":[{\"@type\":\"SearchAction\",\"target\":{\"@type\":\"EntryPoint\",\"urlTemplate\":\"https:\\\/\\\/dynamique-cadres.org\\\/wordpress\\\/?s={search_term_string}\"},\"query-input\":{\"@type\":\"PropertyValueSpecification\",\"valueRequired\":true,\"valueName\":\"search_term_string\"}}],\"inLanguage\":\"fr-FR\"},{\"@type\":\"Organization\",\"@id\":\"https:\\\/\\\/dynamique-cadres.org\\\/wordpress\\\/#organization\",\"name\":\"Dynamique Cadres\",\"url\":\"https:\\\/\\\/dynamique-cadres.org\\\/wordpress\\\/\",\"logo\":{\"@type\":\"ImageObject\",\"inLanguage\":\"fr-FR\",\"@id\":\"https:\\\/\\\/dynamique-cadres.org\\\/wordpress\\\/#\\\/schema\\\/logo\\\/image\\\/\",\"url\":\"https:\\\/\\\/adqcghyr.preview.infomaniak.website\\\/wordpress\\\/wp-content\\\/uploads\\\/2017\\\/04\\\/LOGO-hd.png\",\"contentUrl\":\"https:\\\/\\\/adqcghyr.preview.infomaniak.website\\\/wordpress\\\/wp-content\\\/uploads\\\/2017\\\/04\\\/LOGO-hd.png\",\"width\":2157,\"height\":579,\"caption\":\"Dynamique Cadres\"},\"image\":{\"@id\":\"https:\\\/\\\/dynamique-cadres.org\\\/wordpress\\\/#\\\/schema\\\/logo\\\/image\\\/\"},\"sameAs\":[\"https:\\\/\\\/www.facebook.com\\\/profile.php?id=100011741796467\",\"https:\\\/\\\/x.com\\\/Dynamiquecadres\",\"https:\\\/\\\/www.linkedin.com\\\/company-beta\\\/592628\\\/\"]}]}<\/script>\n<!-- \/ Yoast SEO plugin. -->","yoast_head_json":{"title":"Nous rejoindre - Dynamique Cadres","description":"L'association faite par pour les cadres en transition professionnelle en les rendant proactifs au sein d'une organisation stimulante bas\u00e9e sur le partage des apports de chacun.","robots":{"index":"index","follow":"follow","max-snippet":"max-snippet:-1","max-image-preview":"max-image-preview:large","max-video-preview":"max-video-preview:-1"},"canonical":"https:\/\/dynamique-cadres.org\/wordpress\/nous-rejoindre\/","og_locale":"fr_FR","og_type":"article","og_title":"Nous rejoindre - Dynamique Cadres","og_description":"L'association faite par pour les cadres en transition professionnelle en les rendant proactifs au sein d'une organisation stimulante bas\u00e9e sur le partage des apports de chacun.","og_url":"https:\/\/dynamique-cadres.org\/wordpress\/nous-rejoindre\/","og_site_name":"Dynamique Cadres","article_publisher":"https:\/\/www.facebook.com\/profile.php?id=100011741796467","article_modified_time":"2026-04-05T18:41:06+00:00","og_image":[{"width":2816,"height":2112,"url":"https:\/\/adqcghyr.preview.infomaniak.website\/wordpress\/wp-content\/uploads\/2017\/05\/Iphone_calendar_screen.jpg","type":"image\/jpeg"}],"twitter_card":"summary_large_image","twitter_site":"@Dynamiquecadres","twitter_misc":{"Dur\u00e9e de lecture estim\u00e9e":"2 minutes"},"schema":{"@context":"https:\/\/schema.org","@graph":[{"@type":"WebPage","@id":"https:\/\/dynamique-cadres.org\/wordpress\/nous-rejoindre\/","url":"https:\/\/dynamique-cadres.org\/wordpress\/nous-rejoindre\/","name":"Nous rejoindre - Dynamique Cadres","isPartOf":{"@id":"https:\/\/dynamique-cadres.org\/wordpress\/#website"},"primaryImageOfPage":{"@id":"https:\/\/dynamique-cadres.org\/wordpress\/nous-rejoindre\/#primaryimage"},"image":{"@id":"https:\/\/dynamique-cadres.org\/wordpress\/nous-rejoindre\/#primaryimage"},"thumbnailUrl":"http:\/\/adqcghyr.preview.infomaniak.website\/wordpress\/wp-content\/uploads\/2017\/05\/Iphone_calendar_screen-300x225.jpg","datePublished":"2020-10-27T10:37:30+00:00","dateModified":"2026-04-05T18:41:06+00:00","description":"L'association faite par pour les cadres en transition professionnelle en les rendant proactifs au sein d'une organisation stimulante bas\u00e9e sur le partage des apports de chacun.","breadcrumb":{"@id":"https:\/\/dynamique-cadres.org\/wordpress\/nous-rejoindre\/#breadcrumb"},"inLanguage":"fr-FR","potentialAction":[{"@type":"ReadAction","target":["https:\/\/dynamique-cadres.org\/wordpress\/nous-rejoindre\/"]}]},{"@type":"ImageObject","inLanguage":"fr-FR","@id":"https:\/\/dynamique-cadres.org\/wordpress\/nous-rejoindre\/#primaryimage","url":"http:\/\/adqcghyr.preview.infomaniak.website\/wordpress\/wp-content\/uploads\/2017\/05\/Iphone_calendar_screen-300x225.jpg","contentUrl":"http:\/\/adqcghyr.preview.infomaniak.website\/wordpress\/wp-content\/uploads\/2017\/05\/Iphone_calendar_screen-300x225.jpg"},{"@type":"BreadcrumbList","@id":"https:\/\/dynamique-cadres.org\/wordpress\/nous-rejoindre\/#breadcrumb","itemListElement":[{"@type":"ListItem","position":1,"name":"Accueil","item":"https:\/\/dynamique-cadres.org\/wordpress\/"},{"@type":"ListItem","position":2,"name":"Nous rejoindre"}]},{"@type":"WebSite","@id":"https:\/\/dynamique-cadres.org\/wordpress\/#website","url":"https:\/\/dynamique-cadres.org\/wordpress\/","name":"Dynamique Cadres","description":"L&#039;association qui dynamise les cadres !","publisher":{"@id":"https:\/\/dynamique-cadres.org\/wordpress\/#organization"},"potentialAction":[{"@type":"SearchAction","target":{"@type":"EntryPoint","urlTemplate":"https:\/\/dynamique-cadres.org\/wordpress\/?s={search_term_string}"},"query-input":{"@type":"PropertyValueSpecification","valueRequired":true,"valueName":"search_term_string"}}],"inLanguage":"fr-FR"},{"@type":"Organization","@id":"https:\/\/dynamique-cadres.org\/wordpress\/#organization","name":"Dynamique Cadres","url":"https:\/\/dynamique-cadres.org\/wordpress\/","logo":{"@type":"ImageObject","inLanguage":"fr-FR","@id":"https:\/\/dynamique-cadres.org\/wordpress\/#\/schema\/logo\/image\/","url":"https:\/\/adqcghyr.preview.infomaniak.website\/wordpress\/wp-content\/uploads\/2017\/04\/LOGO-hd.png","contentUrl":"https:\/\/adqcghyr.preview.infomaniak.website\/wordpress\/wp-content\/uploads\/2017\/04\/LOGO-hd.png","width":2157,"height":579,"caption":"Dynamique Cadres"},"image":{"@id":"https:\/\/dynamique-cadres.org\/wordpress\/#\/schema\/logo\/image\/"},"sameAs":["https:\/\/www.facebook.com\/profile.php?id=100011741796467","https:\/\/x.com\/Dynamiquecadres","https:\/\/www.linkedin.com\/company-beta\/592628\/"]}]}},"_links":{"self":[{"href":"https:\/\/dynamique-cadres.org\/wordpress\/wp-json\/wp\/v2\/pages\/138","targetHints":{"allow":["GET"]}}],"collection":[{"href":"https:\/\/dynamique-cadres.org\/wordpress\/wp-json\/wp\/v2\/pages"}],"about":[{"href":"https:\/\/dynamique-cadres.org\/wordpress\/wp-json\/wp\/v2\/types\/page"}],"author":[{"embeddable":true,"href":"https:\/\/dynamique-cadres.org\/wordpress\/wp-json\/wp\/v2\/users\/1"}],"replies":[{"embeddable":true,"href":"https:\/\/dynamique-cadres.org\/wordpress\/wp-json\/wp\/v2\/comments?post=138"}],"version-history":[{"count":95,"href":"https:\/\/dynamique-cadres.org\/wordpress\/wp-json\/wp\/v2\/pages\/138\/revisions"}],"predecessor-version":[{"id":3637,"href":"https:\/\/dynamique-cadres.org\/wordpress\/wp-json\/wp\/v2\/pages\/138\/revisions\/3637"}],"wp:attachment":[{"href":"https:\/\/dynamique-cadres.org\/wordpress\/wp-json\/wp\/v2\/media?parent=138"}],"curies":[{"name":"wp","href":"https:\/\/api.w.org\/{rel}","templated":true}]}}