{"id":2,"date":"2017-04-26T23:22:38","date_gmt":"2017-04-26T21:22:38","guid":{"rendered":"http:\/\/adqcghyr.preview.infomaniak.website\/wordpress\/?page_id=2"},"modified":"2017-07-16T22:01:14","modified_gmt":"2017-07-16T20:01:14","slug":"mentions-legales","status":"publish","type":"page","link":"https:\/\/dynamique-cadres.org\/wordpress\/mentions-legales\/","title":{"rendered":"Mentions l\u00e9gales"},"content":{"rendered":"<h3 class=\"titre2\">Pr\u00e9ambule<\/h3>\n<p>L&rsquo;utilisation de ce site est r\u00e9gie par les pr\u00e9sentes conditions g\u00e9n\u00e9rales. En utilisant le site, vous reconnaissez avoir pris connaissance de ces conditions et les avoir accept\u00e9es. Pour toute question relative aux pr\u00e9sentes conditions d\u2019utilisation du site, vous pouvez nous contacter en remplissant le formulaire en ligne.<\/p>\n<h3 class=\"titre2\">Contenu du site<\/h3>\n<p>Les informations contenues sur ce site sont aussi pr\u00e9cises que possibles et le site est p\u00e9riodiquement remis \u00e0 jour, mais peut toutefois contenir des inexactitudes, des omissions ou des lacunes. Si vous constatez une lacune, erreur ou ce qui parait \u00eatre un dysfonctionnement, merci de bien vouloir le signaler.<\/p>\n<p>Les photos visibles sur le site ne sont pas contractuelles.<\/p>\n<h3 class=\"titre2\">Propri\u00e9t\u00e9 intellectuelle<\/h3>\n<p>Ce site appartient et est exploit\u00e9 par Dynamique Cadres. Il est strictement interdit de reproduire publier, afficher, communiquer ou de faire tout autre usage des marques, logos, nom ou titres utilis\u00e9s sur ce site sans avoir obtenu pr\u00e9alablement l&rsquo;accord de Dynamique Cadres. De m\u00eame tous liens hypertextes visant ce site sont soumis \u00e0 autorisation pr\u00e9alable.<\/p>\n<p>Les images utils\u00e9es sur ce site ne peuvent \u00eatre reproduites, publi\u00e9es, communiqu\u00e9es ou \u00eatre utilis\u00e9es d&rsquo;une autre mani\u00e8re sans avoir pr\u00e9alablement obtenu la permission de Dynamique Cadres. Les images utilis\u00e9es sur ce site restent la seule propri\u00e9t\u00e9 de Dynamique Cadres.<\/p>\n<p>Toute reproduction ou distribution non autoris\u00e9e de tout ou partie des \u00e9l\u00e9ments et informations de ce site est interdite. Le contenu est disponible pour un usage priv\u00e9 et non collectif. Toute repr\u00e9sentation ou reproduction int\u00e9grale ou partielle faite sans le consentement de l&rsquo;auteur ou de ses ayants droit ou ayants cause constituerait une contrefa\u00e7on sanctionn\u00e9e.<\/p>\n<h3 class=\"titre2\">Liens hypertextes<\/h3>\n<p>Le site peut contenir des liens hypertextes vers d\u2019autres sites pr\u00e9sents sur le r\u00e9seau Internet. Il est possible de cr\u00e9er un lien vers la page de pr\u00e9sentation de ce site sans autorisation expresse de Dynamique Cadres qui se r\u00e9serve toutefois le droit de demander la suppression d\u2019un lien qu\u2019il estime non conforme \u00e0 l\u2019objet du site.<\/p>\n<h3 class=\"titre2\">Cookies<\/h3>\n<p>Pour des besoins de statistiques et d&rsquo;affichage, le pr\u00e9sent site utilise des cookies. Il s&rsquo;agit de petits fichiers textes stock\u00e9s sur votre disque dur afin d&rsquo;enregistrer des donn\u00e9es techniques sur votre navigation. M\u00eame si vous acceptez l\u2019utilisation de cookies qui permettront notamment de vous offrir des contenus et services li\u00e9s \u00e0 vos centres d&rsquo;int\u00e9r\u00eat, vous avez la possibilit\u00e9 de les supprimer de votre navigateur. Toutefois, Certaines parties de ce site ne peuvent \u00eatre fonctionnelle sans l\u2019acceptation de cookies.<\/p>\n<p>Vous pouvez d\u00e9sactiver les cookies en suivant les instructions qui suivent :<br \/>\n1\/ si vous utilisez le navigateur <a href=\"http:\/\/windows.microsoft.com\/fr-FR\/windows-vista\/Block-or-allow-cookies\" target=\"_blanck\">Internet Explorer<\/a><br \/>\n2\/ si vous utilisez le navigateur <a href=\"https:\/\/support.mozilla.org\/fr\/kb\/activer-desactiver-cookies?redirectlocale=fr&amp;redirectslug=Activer+et+d%C3%A9sactiver+les+cookies\" target=\"_blanck\">Firefox<\/a><br \/>\n3\/ si vous utilisez le navigateur <a href=\"http:\/\/support.apple.com\/kb\/ht1677?viewlocale=fr_FR\" target=\"_blanck\">Safari<\/a><br \/>\n4\/ si vous utilisez le navigateur <a href=\"https:\/\/support.google.com\/chrome\/answer\/95647?hl=fr&amp;hlrm=en\" target=\"_blanck\">Google Chrome<\/a><br \/>\n5\/ si vous utilisez le navigateur <a href=\"http:\/\/www.opera.com\/help\/tutorials\/security\/privacy\/\" target=\"_blanck\">Opera<\/a><\/p>\n<h3 class=\"titre2\">Responsabilit\u00e9<\/h3>\n<p>Les informations figurant dans l&rsquo;ensemble des rubriques du site, ainsi que les faits ou \u00e9v\u00e9nements directs ou indirects en d\u00e9coulant, ne pourront en aucun cas permettre la mise en cause de\u00a0Dynamique Cadres et l&rsquo;engagement de sa responsabilit\u00e9 \u00e0 quelque titre que ce soit.<\/p>\n<p>Vous \u00eates seul responsable des dommages et pr\u00e9judices, directs ou indirects, mat\u00e9riels ou immat\u00e9riels d\u00e8s lors qu&rsquo;ils auraient pour cause, fondement ou origine un usage du site par vous-m\u00eame ou par toute personne autoris\u00e9e par vous \u00e0 utiliser ce site. En cons\u00e9quence, le lecteur renonce \u00e0 toute r\u00e9clamation ou action en justice relative \u00e0 de tels dommages et pr\u00e9judices, sur le fondement de la responsabilit\u00e9 contractuelle de\u00a0Dynamique Cadres en sa qualit\u00e9 d&rsquo;\u00e9diteur du site ou sur tout autre fondement.<\/p>\n<p>Dynamique Cadres d\u00e9gage toute responsabilit\u00e9 dans le cas o\u00f9 le contenu des sites externes, dont un lien hypertexte figure sur le pr\u00e9sent site, contreviendrait aux dispositions l\u00e9gales et r\u00e9glementaires en vigueur.<\/p>\n<p>Dynamique Cadres s&rsquo;engage \u00e0 faire son possible pour s\u00e9curiser l&rsquo;acc\u00e8s, la consultation et l&rsquo;utilisation du site conform\u00e9ment aux r\u00e8gles d&rsquo;usages de l&rsquo;Internet. L&rsquo;acc\u00e8s au site est possible vingt-quatre heures sur vingt-quatre, sept jours sur sept sauf en cas de force majeure ou d&rsquo;\u00e9v\u00e9nement hors du contr\u00f4le de l&rsquo;\u00e9diteur et sous r\u00e9serve des \u00e9ventuelles pannes et interventions de maintenance n\u00e9cessaires au bon fonctionnement du site, qui pourront \u00eatre effectu\u00e9es sans vous en avoir averti au pr\u00e9alable.<\/p>\n<p>En cons\u00e9quence, la responsabilit\u00e9 de\u00a0Dynamique Cadres ne peut pas \u00eatre engag\u00e9e dans les cas suivants :<\/p>\n<ul>\n<li>Interruptions momentan\u00e9es d&rsquo;une dur\u00e9e de quelques minutes pour la mise \u00e0 jour de certains fichiers;<\/li>\n<li>Difficult\u00e9s de fonctionnement ou interruption momentan\u00e9e de ces services ind\u00e9pendamment de notre volont\u00e9 notamment en cas d&rsquo;interruption des services d&rsquo;\u00e9lectricit\u00e9 ou de t\u00e9l\u00e9communication;<\/li>\n<li>Interruptions momentan\u00e9es des services n\u00e9cessaires \u00e0 leurs \u00e9volutions ou maintenance;<\/li>\n<li>D\u00e9faillance ou dysfonctionnements du r\u00e9seau Internet dans la transmission de messages ou documents.<\/li>\n<\/ul>\n<h3 class=\"titre2\">Modification des conditions d\u2019utilisation<\/h3>\n<p>Dynamique Cadres\u00a0se r\u00e9serve la possibilit\u00e9 de modifier, \u00e0 tout moment et sans pr\u00e9avis, les pr\u00e9sentes conditions d\u2019utilisation afin de les adapter aux \u00e9volutions du site et\/ou de son exploitation.<\/p>\n","protected":false},"excerpt":{"rendered":"<p>Pr\u00e9ambule L&rsquo;utilisation de ce site est r\u00e9gie par les pr\u00e9sentes conditions g\u00e9n\u00e9rales. En utilisant le site, vous reconnaissez avoir pris connaissance de ces conditions et les avoir accept\u00e9es. Pour toute question relative aux pr\u00e9sentes conditions d\u2019utilisation du site, vous pouvez nous contacter en remplissant le formulaire en ligne. Contenu du site Les informations contenues sur <a href=\"https:\/\/dynamique-cadres.org\/wordpress\/mentions-legales\/\" rel=\"nofollow\"><span class=\"sr-only\">En savoir plus surMentions l\u00e9gales<\/span>[&hellip;]<\/a><\/p>\n","protected":false},"author":1,"featured_media":0,"parent":0,"menu_order":0,"comment_status":"closed","ping_status":"open","template":"","meta":{"_monsterinsights_skip_tracking":false,"_monsterinsights_sitenote_active":false,"_monsterinsights_sitenote_note":"","_monsterinsights_sitenote_category":0,"footnotes":""},"class_list":["post-2","page","type-page","status-publish","hentry"],"yoast_head":"<!-- This site is optimized with the Yoast SEO plugin v27.5 - https:\/\/yoast.com\/product\/yoast-seo-wordpress\/ -->\n<title>Mentions l\u00e9gales - Dynamique Cadres<\/title>\n<meta name=\"description\" content=\"L&#039;association faite par pour les cadres en transition professionnelle en les rendant proactifs au sein d&#039;une organisation stimulante bas\u00e9e sur le partage des apports de chacun.\" \/>\n<meta name=\"robots\" content=\"index, follow, max-snippet:-1, max-image-preview:large, max-video-preview:-1\" \/>\n<link rel=\"canonical\" href=\"https:\/\/dynamique-cadres.org\/wordpress\/mentions-legales\/\" \/>\n<meta property=\"og:locale\" content=\"fr_FR\" \/>\n<meta property=\"og:type\" content=\"article\" \/>\n<meta property=\"og:title\" content=\"Mentions l\u00e9gales - Dynamique Cadres\" \/>\n<meta property=\"og:description\" content=\"L&#039;association faite par pour les cadres en transition professionnelle en les rendant proactifs au sein d&#039;une organisation stimulante bas\u00e9e sur le partage des apports de chacun.\" \/>\n<meta property=\"og:url\" content=\"https:\/\/dynamique-cadres.org\/wordpress\/mentions-legales\/\" \/>\n<meta property=\"og:site_name\" content=\"Dynamique Cadres\" \/>\n<meta property=\"article:publisher\" content=\"https:\/\/www.facebook.com\/profile.php?id=100011741796467\" \/>\n<meta property=\"article:modified_time\" content=\"2017-07-16T20:01:14+00:00\" \/>\n<meta property=\"og:image\" content=\"https:\/\/adqcghyr.preview.infomaniak.website\/wordpress\/wp-content\/uploads\/2017\/04\/picto.png\" \/>\n\t<meta property=\"og:image:width\" content=\"601\" \/>\n\t<meta property=\"og:image:height\" content=\"579\" \/>\n\t<meta property=\"og:image:type\" content=\"image\/png\" \/>\n<meta name=\"twitter:card\" content=\"summary_large_image\" \/>\n<meta name=\"twitter:site\" content=\"@Dynamiquecadres\" \/>\n<meta name=\"twitter:label1\" content=\"Dur\u00e9e de lecture estim\u00e9e\" \/>\n\t<meta name=\"twitter:data1\" content=\"4 minutes\" \/>\n<script type=\"application\/ld+json\" class=\"yoast-schema-graph\">{\"@context\":\"https:\\\/\\\/schema.org\",\"@graph\":[{\"@type\":\"WebPage\",\"@id\":\"https:\\\/\\\/dynamique-cadres.org\\\/wordpress\\\/mentions-legales\\\/\",\"url\":\"https:\\\/\\\/dynamique-cadres.org\\\/wordpress\\\/mentions-legales\\\/\",\"name\":\"Mentions l\u00e9gales - Dynamique Cadres\",\"isPartOf\":{\"@id\":\"https:\\\/\\\/dynamique-cadres.org\\\/wordpress\\\/#website\"},\"datePublished\":\"2017-04-26T21:22:38+00:00\",\"dateModified\":\"2017-07-16T20:01:14+00:00\",\"description\":\"L'association faite par pour les cadres en transition professionnelle en les rendant proactifs au sein d'une organisation stimulante bas\u00e9e sur le partage des apports de chacun.\",\"breadcrumb\":{\"@id\":\"https:\\\/\\\/dynamique-cadres.org\\\/wordpress\\\/mentions-legales\\\/#breadcrumb\"},\"inLanguage\":\"fr-FR\",\"potentialAction\":[{\"@type\":\"ReadAction\",\"target\":[\"https:\\\/\\\/dynamique-cadres.org\\\/wordpress\\\/mentions-legales\\\/\"]}]},{\"@type\":\"BreadcrumbList\",\"@id\":\"https:\\\/\\\/dynamique-cadres.org\\\/wordpress\\\/mentions-legales\\\/#breadcrumb\",\"itemListElement\":[{\"@type\":\"ListItem\",\"position\":1,\"name\":\"Accueil\",\"item\":\"https:\\\/\\\/dynamique-cadres.org\\\/wordpress\\\/\"},{\"@type\":\"ListItem\",\"position\":2,\"name\":\"Mentions l\u00e9gales\"}]},{\"@type\":\"WebSite\",\"@id\":\"https:\\\/\\\/dynamique-cadres.org\\\/wordpress\\\/#website\",\"url\":\"https:\\\/\\\/dynamique-cadres.org\\\/wordpress\\\/\",\"name\":\"Dynamique Cadres\",\"description\":\"L&#039;association qui dynamise les cadres !\",\"publisher\":{\"@id\":\"https:\\\/\\\/dynamique-cadres.org\\\/wordpress\\\/#organization\"},\"potentialAction\":[{\"@type\":\"SearchAction\",\"target\":{\"@type\":\"EntryPoint\",\"urlTemplate\":\"https:\\\/\\\/dynamique-cadres.org\\\/wordpress\\\/?s={search_term_string}\"},\"query-input\":{\"@type\":\"PropertyValueSpecification\",\"valueRequired\":true,\"valueName\":\"search_term_string\"}}],\"inLanguage\":\"fr-FR\"},{\"@type\":\"Organization\",\"@id\":\"https:\\\/\\\/dynamique-cadres.org\\\/wordpress\\\/#organization\",\"name\":\"Dynamique Cadres\",\"url\":\"https:\\\/\\\/dynamique-cadres.org\\\/wordpress\\\/\",\"logo\":{\"@type\":\"ImageObject\",\"inLanguage\":\"fr-FR\",\"@id\":\"https:\\\/\\\/dynamique-cadres.org\\\/wordpress\\\/#\\\/schema\\\/logo\\\/image\\\/\",\"url\":\"https:\\\/\\\/adqcghyr.preview.infomaniak.website\\\/wordpress\\\/wp-content\\\/uploads\\\/2017\\\/04\\\/LOGO-hd.png\",\"contentUrl\":\"https:\\\/\\\/adqcghyr.preview.infomaniak.website\\\/wordpress\\\/wp-content\\\/uploads\\\/2017\\\/04\\\/LOGO-hd.png\",\"width\":2157,\"height\":579,\"caption\":\"Dynamique Cadres\"},\"image\":{\"@id\":\"https:\\\/\\\/dynamique-cadres.org\\\/wordpress\\\/#\\\/schema\\\/logo\\\/image\\\/\"},\"sameAs\":[\"https:\\\/\\\/www.facebook.com\\\/profile.php?id=100011741796467\",\"https:\\\/\\\/x.com\\\/Dynamiquecadres\",\"https:\\\/\\\/www.linkedin.com\\\/company-beta\\\/592628\\\/\"]}]}<\/script>\n<!-- \/ Yoast SEO plugin. -->","yoast_head_json":{"title":"Mentions l\u00e9gales - Dynamique Cadres","description":"L'association faite par pour les cadres en transition professionnelle en les rendant proactifs au sein d'une organisation stimulante bas\u00e9e sur le partage des apports de chacun.","robots":{"index":"index","follow":"follow","max-snippet":"max-snippet:-1","max-image-preview":"max-image-preview:large","max-video-preview":"max-video-preview:-1"},"canonical":"https:\/\/dynamique-cadres.org\/wordpress\/mentions-legales\/","og_locale":"fr_FR","og_type":"article","og_title":"Mentions l\u00e9gales - Dynamique Cadres","og_description":"L'association faite par pour les cadres en transition professionnelle en les rendant proactifs au sein d'une organisation stimulante bas\u00e9e sur le partage des apports de chacun.","og_url":"https:\/\/dynamique-cadres.org\/wordpress\/mentions-legales\/","og_site_name":"Dynamique Cadres","article_publisher":"https:\/\/www.facebook.com\/profile.php?id=100011741796467","article_modified_time":"2017-07-16T20:01:14+00:00","og_image":[{"width":601,"height":579,"url":"https:\/\/adqcghyr.preview.infomaniak.website\/wordpress\/wp-content\/uploads\/2017\/04\/picto.png","type":"image\/png"}],"twitter_card":"summary_large_image","twitter_site":"@Dynamiquecadres","twitter_misc":{"Dur\u00e9e de lecture estim\u00e9e":"4 minutes"},"schema":{"@context":"https:\/\/schema.org","@graph":[{"@type":"WebPage","@id":"https:\/\/dynamique-cadres.org\/wordpress\/mentions-legales\/","url":"https:\/\/dynamique-cadres.org\/wordpress\/mentions-legales\/","name":"Mentions l\u00e9gales - Dynamique Cadres","isPartOf":{"@id":"https:\/\/dynamique-cadres.org\/wordpress\/#website"},"datePublished":"2017-04-26T21:22:38+00:00","dateModified":"2017-07-16T20:01:14+00:00","description":"L'association faite par pour les cadres en transition professionnelle en les rendant proactifs au sein d'une organisation stimulante bas\u00e9e sur le partage des apports de chacun.","breadcrumb":{"@id":"https:\/\/dynamique-cadres.org\/wordpress\/mentions-legales\/#breadcrumb"},"inLanguage":"fr-FR","potentialAction":[{"@type":"ReadAction","target":["https:\/\/dynamique-cadres.org\/wordpress\/mentions-legales\/"]}]},{"@type":"BreadcrumbList","@id":"https:\/\/dynamique-cadres.org\/wordpress\/mentions-legales\/#breadcrumb","itemListElement":[{"@type":"ListItem","position":1,"name":"Accueil","item":"https:\/\/dynamique-cadres.org\/wordpress\/"},{"@type":"ListItem","position":2,"name":"Mentions l\u00e9gales"}]},{"@type":"WebSite","@id":"https:\/\/dynamique-cadres.org\/wordpress\/#website","url":"https:\/\/dynamique-cadres.org\/wordpress\/","name":"Dynamique Cadres","description":"L&#039;association qui dynamise les cadres !","publisher":{"@id":"https:\/\/dynamique-cadres.org\/wordpress\/#organization"},"potentialAction":[{"@type":"SearchAction","target":{"@type":"EntryPoint","urlTemplate":"https:\/\/dynamique-cadres.org\/wordpress\/?s={search_term_string}"},"query-input":{"@type":"PropertyValueSpecification","valueRequired":true,"valueName":"search_term_string"}}],"inLanguage":"fr-FR"},{"@type":"Organization","@id":"https:\/\/dynamique-cadres.org\/wordpress\/#organization","name":"Dynamique Cadres","url":"https:\/\/dynamique-cadres.org\/wordpress\/","logo":{"@type":"ImageObject","inLanguage":"fr-FR","@id":"https:\/\/dynamique-cadres.org\/wordpress\/#\/schema\/logo\/image\/","url":"https:\/\/adqcghyr.preview.infomaniak.website\/wordpress\/wp-content\/uploads\/2017\/04\/LOGO-hd.png","contentUrl":"https:\/\/adqcghyr.preview.infomaniak.website\/wordpress\/wp-content\/uploads\/2017\/04\/LOGO-hd.png","width":2157,"height":579,"caption":"Dynamique Cadres"},"image":{"@id":"https:\/\/dynamique-cadres.org\/wordpress\/#\/schema\/logo\/image\/"},"sameAs":["https:\/\/www.facebook.com\/profile.php?id=100011741796467","https:\/\/x.com\/Dynamiquecadres","https:\/\/www.linkedin.com\/company-beta\/592628\/"]}]}},"_links":{"self":[{"href":"https:\/\/dynamique-cadres.org\/wordpress\/wp-json\/wp\/v2\/pages\/2","targetHints":{"allow":["GET"]}}],"collection":[{"href":"https:\/\/dynamique-cadres.org\/wordpress\/wp-json\/wp\/v2\/pages"}],"about":[{"href":"https:\/\/dynamique-cadres.org\/wordpress\/wp-json\/wp\/v2\/types\/page"}],"author":[{"embeddable":true,"href":"https:\/\/dynamique-cadres.org\/wordpress\/wp-json\/wp\/v2\/users\/1"}],"replies":[{"embeddable":true,"href":"https:\/\/dynamique-cadres.org\/wordpress\/wp-json\/wp\/v2\/comments?post=2"}],"version-history":[{"count":2,"href":"https:\/\/dynamique-cadres.org\/wordpress\/wp-json\/wp\/v2\/pages\/2\/revisions"}],"predecessor-version":[{"id":122,"href":"https:\/\/dynamique-cadres.org\/wordpress\/wp-json\/wp\/v2\/pages\/2\/revisions\/122"}],"wp:attachment":[{"href":"https:\/\/dynamique-cadres.org\/wordpress\/wp-json\/wp\/v2\/media?parent=2"}],"curies":[{"name":"wp","href":"https:\/\/api.w.org\/{rel}","templated":true}]}}